{"id":1478,"date":"2023-06-05T09:46:06","date_gmt":"2023-06-05T09:46:06","guid":{"rendered":"https:\/\/drvodizajn.com\/?page_id=1478"},"modified":"2025-03-11T08:25:37","modified_gmt":"2025-03-11T08:25:37","slug":"sobna-vrata","status":"publish","type":"page","link":"https:\/\/drvodizajn.com\/en\/sobna-vrata\/","title":{"rendered":"Interior doors"},"content":{"rendered":"[et_pb_section fb_built=&#8221;1&#8221; admin_label=&#8221;Header&#8221; _builder_version=&#8221;4.20.2&#8221; _module_preset=&#8221;default&#8221; use_background_color_gradient=&#8221;on&#8221; background_color_gradient_direction=&#8221;90deg&#8221; background_color_gradient_stops=&#8221;rgba(54,159,110,0.09) 0%|rgba(255,255,255,0) 24%&#8221; custom_padding=&#8221;||0px|||&#8221; da_disable_devices=&#8221;off|off|off&#8221; global_colors_info=&#8221;{}&#8221; da_is_popup=&#8221;off&#8221; da_exit_intent=&#8221;off&#8221; da_has_close=&#8221;on&#8221; da_alt_close=&#8221;off&#8221; da_dark_close=&#8221;off&#8221; da_not_modal=&#8221;on&#8221; da_is_singular=&#8221;off&#8221; da_with_loader=&#8221;off&#8221; da_has_shadow=&#8221;on&#8221;][et_pb_row _builder_version=&#8221;4.18.0&#8221; _module_preset=&#8221;default&#8221; custom_margin=&#8221;-21px|auto||auto||&#8221; custom_padding=&#8221;23px|||||&#8221; global_colors_info=&#8221;{}&#8221;][et_pb_column type=&#8221;4_4&#8221; _builder_version=&#8221;4.18.0&#8221; _module_preset=&#8221;default&#8221; global_colors_info=&#8221;{}&#8221;][et_pb_video src=&#8221;http:\/\/drvodizajn.com\/wp-content\/uploads\/2023\/06\/sobna-vrata_1.mp4&#8221; module_class=&#8221;autoplay-video&#8221; _builder_version=&#8221;4.20.2&#8221; _module_preset=&#8221;default&#8221; global_colors_info=&#8221;{}&#8221;][\/et_pb_video][\/et_pb_column][\/et_pb_row][\/et_pb_section][et_pb_section fb_built=&#8221;1&#8221; admin_label=&#8221;Details&#8221; _builder_version=&#8221;4.18.0&#8221; _module_preset=&#8221;default&#8221; custom_padding=&#8221;0px|||||&#8221; da_disable_devices=&#8221;off|off|off&#8221; global_colors_info=&#8221;{}&#8221; da_is_popup=&#8221;off&#8221; da_exit_intent=&#8221;off&#8221; da_has_close=&#8221;on&#8221; da_alt_close=&#8221;off&#8221; da_dark_close=&#8221;off&#8221; da_not_modal=&#8221;on&#8221; da_is_singular=&#8221;off&#8221; da_with_loader=&#8221;off&#8221; da_has_shadow=&#8221;on&#8221;][et_pb_row column_structure=&#8221;1_2,1_2&#8221; _builder_version=&#8221;4.18.0&#8221; _module_preset=&#8221;default&#8221; global_colors_info=&#8221;{}&#8221;][et_pb_column type=&#8221;1_2&#8221; _builder_version=&#8221;4.18.0&#8221; _module_preset=&#8221;default&#8221; global_colors_info=&#8221;{}&#8221;][et_pb_text _builder_version=&#8221;4.20.2&#8221; _module_preset=&#8221;16a54059-cc81-4572-9c70-eda6a6c419bf&#8221; text_font=&#8221;Inria Serif|300|||||||&#8221; text_font_size=&#8221;15px&#8221; text_line_height=&#8221;1.8em&#8221; custom_margin=&#8221;|-582px||||&#8221; custom_margin_tablet=&#8221;|-582px||||&#8221; custom_margin_phone=&#8221;|0px|||false|false&#8221; custom_margin_last_edited=&#8221;on|phone&#8221; text_font_size_tablet=&#8221;15px&#8221; text_font_size_phone=&#8221;14px&#8221; text_font_size_last_edited=&#8221;on|phone&#8221; header_font_size_tablet=&#8221;55px&#8221; header_font_size_last_edited=&#8221;off|desktop&#8221; locked=&#8221;off&#8221; global_colors_info=&#8221;{}&#8221;]<div class=\"grid_6\">\n<div class=\"off2\">\n<div class=\"box_cnt__no-flow2\">\n<p>Na\u0161a kolekcija unutra\u0161njih sobnih vrata nudi \u0161irok spektar opcija za svaki ukus i prostor. Bez obzira da li preferirate klasi\u010dan, moderni ili rusti\u010dni stil, na\u0161a vrata su pa\u017eljivo osmi\u0161ljena kako bi se uklopila sa ostalim elementima va\u0161eg enterijera. Svaki komad vrata je izra\u0111en pa\u017eljivo odabranim materijalima visokog kvaliteta, \u0161to garantuje dugotrajnost. Na\u0161i majstori obra\u0107aju posebnu pa\u017enju na detalje i zavr\u0161nu obradu, kako bi svako vrata imalo besprekoran izgled. <span style=\"font-size: 15px;\">Bilo da \u017eelite da unesete dodir elegancije u dnevnu sobu, stvorite privatnost u spava\u0107oj sobi ili organizujete prostor u garderoberu, na\u0161a unutra\u0161nja sobna vrata su idealno rje\u0161enje za vas.<\/span><\/p>\n<p>&nbsp;<\/p>\n<\/div>\n<\/div>\n<\/div>[\/et_pb_text][\/et_pb_column][et_pb_column type=&#8221;1_2&#8221; _builder_version=&#8221;4.18.0&#8221; _module_preset=&#8221;default&#8221; global_colors_info=&#8221;{}&#8221;][\/et_pb_column][\/et_pb_row][et_pb_row column_structure=&#8221;1_2,1_2&#8221; custom_padding_last_edited=&#8221;on|phone&#8221; _builder_version=&#8221;4.20.2&#8221; _module_preset=&#8221;default&#8221; custom_margin=&#8221;77px|auto|115px|auto||&#8221; custom_margin_tablet=&#8221;77px|auto|115px|auto||&#8221; custom_margin_phone=&#8221;0px|auto|0px|auto|false|false&#8221; custom_margin_last_edited=&#8221;on|phone&#8221; custom_padding=&#8221;16px|||||&#8221; custom_padding_tablet=&#8221;16px|||||&#8221; custom_padding_phone=&#8221;0px||||false|false&#8221; global_colors_info=&#8221;{}&#8221;][et_pb_column type=&#8221;1_2&#8221; _builder_version=&#8221;4.20.2&#8221; _module_preset=&#8221;default&#8221; global_colors_info=&#8221;{}&#8221;][et_pb_image src=&#8221;http:\/\/drvodizajn.com\/wp-content\/uploads\/2023\/06\/masiv-vrata-naslovna.png&#8221; _builder_version=&#8221;4.20.2&#8221; _module_preset=&#8221;default&#8221; custom_margin=&#8221;12px|||||&#8221; custom_padding=&#8221;||0vh||false|false&#8221; animation_style=&#8221;none&#8221; global_colors_info=&#8221;{}&#8221;][\/et_pb_image][\/et_pb_column][et_pb_column type=&#8221;1_2&#8221; _builder_version=&#8221;4.20.2&#8221; _module_preset=&#8221;default&#8221; global_colors_info=&#8221;{}&#8221;][et_pb_text _builder_version=&#8221;4.20.2&#8221; _module_preset=&#8221;default&#8221; text_font=&#8221;Inria Serif|700|||||||&#8221; text_font_size=&#8221;16px&#8221; custom_margin=&#8221;1px||14px|||&#8221; custom_padding=&#8221;41px|||||&#8221; global_colors_info=&#8221;{}&#8221;]<p>Masiv<\/p>[\/et_pb_text][et_pb_text _builder_version=&#8221;4.20.2&#8221; _module_preset=&#8221;default&#8221; text_font=&#8221;Inria Serif|300|||||||&#8221; width=&#8221;80.8%&#8221; custom_padding=&#8221;|53px||||&#8221; global_colors_info=&#8221;{}&#8221;]<p><span>Prednost vrata izra\u0111enih od masivnog drveta su u tome \u0161to takva vrata pru\u017eaju toplinu, \u010dvrsto\u0107u, sigurnost i lijep estetski izgled va\u0161em domu.<br \/><strong>PONUDA MODELA U GALERIJI<\/strong><br \/><\/span><\/p>\n<p>&nbsp;<\/p>[\/et_pb_text][et_pb_gallery gallery_ids=&#8221;1965,1966,1967,1968,1969,1970,1971,1972,1973,1974&#8221; posts_number=&#8221;2&#8221; _builder_version=&#8221;4.20.2&#8221; _module_preset=&#8221;default&#8221; title_font=&#8221;Inria Serif||||||||&#8221; title_text_align=&#8221;center&#8221; title_font_size=&#8221;15px&#8221; caption_text_align=&#8221;left&#8221; global_colors_info=&#8221;{}&#8221;][\/et_pb_gallery][\/et_pb_column][\/et_pb_row][et_pb_row column_structure=&#8221;1_2,1_2&#8221; custom_padding_last_edited=&#8221;on|phone&#8221; _builder_version=&#8221;4.20.2&#8221; _module_preset=&#8221;default&#8221; custom_margin=&#8221;27px|auto|150px|auto||&#8221; custom_margin_tablet=&#8221;27px|auto|150px|auto||&#8221; custom_margin_phone=&#8221;0px|auto|0px|auto|false|false&#8221; custom_margin_last_edited=&#8221;on|phone&#8221; custom_padding=&#8221;6px|||||&#8221; custom_padding_tablet=&#8221;6px|||||&#8221; custom_padding_phone=&#8221;0px||||false|false&#8221; global_colors_info=&#8221;{}&#8221;][et_pb_column type=&#8221;1_2&#8221; _builder_version=&#8221;4.20.2&#8221; _module_preset=&#8221;default&#8221; global_colors_info=&#8221;{}&#8221;][et_pb_text _builder_version=&#8221;4.20.2&#8221; _module_preset=&#8221;default&#8221; text_font=&#8221;Inria Serif|700|||||||&#8221; text_font_size=&#8221;16px&#8221; custom_margin=&#8221;18px||14px|||&#8221; global_colors_info=&#8221;{}&#8221;]<p>Staklo<\/p>[\/et_pb_text][et_pb_text _builder_version=&#8221;4.20.2&#8221; _module_preset=&#8221;default&#8221; text_font=&#8221;Inria Serif|300|||||||&#8221; width=&#8221;80.8%&#8221; custom_padding=&#8221;|53px||||&#8221; global_colors_info=&#8221;{}&#8221;]<p><span>Vrata izra\u0111ena u potpunosti od stakla ili u kombinaciji sa nekim drugim materijalom iz na\u0161e ponude unose svje\u017einu i svjetlost u va\u0161e okru\u017eenje.<br \/><strong>PONUDA MODELA U GALERIJI<\/strong><\/span><\/p>\n<p>&nbsp;<\/p>\n<p>&nbsp;<\/p>[\/et_pb_text][et_pb_gallery gallery_ids=&#8221;1978,1979,1980,1981,1982,1983,1984,1985&#8221; posts_number=&#8221;2&#8221; _builder_version=&#8221;4.20.2&#8221; _module_preset=&#8221;default&#8221; title_font=&#8221;Inria Serif||||||||&#8221; title_text_align=&#8221;center&#8221; title_font_size=&#8221;15px&#8221; custom_margin=&#8221;-56px|||||&#8221; global_colors_info=&#8221;{}&#8221;][\/et_pb_gallery][\/et_pb_column][et_pb_column type=&#8221;1_2&#8221; _builder_version=&#8221;4.20.2&#8221; _module_preset=&#8221;default&#8221; global_colors_info=&#8221;{}&#8221;][et_pb_image src=&#8221;http:\/\/drvodizajn.com\/wp-content\/uploads\/2023\/06\/naslovna-5.png&#8221; _builder_version=&#8221;4.20.2&#8221; _module_preset=&#8221;default&#8221; custom_padding=&#8221;||0vh||false|false&#8221; animation_style=&#8221;none&#8221; global_colors_info=&#8221;{}&#8221;][\/et_pb_image][\/et_pb_column][\/et_pb_row][et_pb_row column_structure=&#8221;1_2,1_2&#8221; custom_padding_last_edited=&#8221;on|phone&#8221; _builder_version=&#8221;4.20.2&#8221; _module_preset=&#8221;default&#8221; custom_margin=&#8221;77px|auto|137px|auto||&#8221; custom_margin_tablet=&#8221;77px|auto|137px|auto||&#8221; custom_margin_phone=&#8221;0px|auto|0px|auto|false|false&#8221; custom_margin_last_edited=&#8221;on|phone&#8221; custom_padding=&#8221;2px|||||&#8221; custom_padding_tablet=&#8221;2px|||||&#8221; custom_padding_phone=&#8221;0px||||false|false&#8221; global_colors_info=&#8221;{}&#8221;][et_pb_column type=&#8221;1_2&#8221; _builder_version=&#8221;4.20.2&#8221; _module_preset=&#8221;default&#8221; global_colors_info=&#8221;{}&#8221;][et_pb_image src=&#8221;http:\/\/drvodizajn.com\/wp-content\/uploads\/2023\/06\/naslovna-6.png&#8221; _builder_version=&#8221;4.20.2&#8221; _module_preset=&#8221;default&#8221; custom_margin=&#8221;12px|||||&#8221; custom_padding=&#8221;||0vh||false|false&#8221; animation_style=&#8221;none&#8221; global_colors_info=&#8221;{}&#8221;][\/et_pb_image][\/et_pb_column][et_pb_column type=&#8221;1_2&#8221; _builder_version=&#8221;4.20.2&#8221; _module_preset=&#8221;default&#8221; global_colors_info=&#8221;{}&#8221;][et_pb_text _builder_version=&#8221;4.20.2&#8221; _module_preset=&#8221;default&#8221; text_font=&#8221;Inria Serif|700|||||||&#8221; text_font_size=&#8221;16px&#8221; custom_margin=&#8221;1px||14px|||&#8221; custom_padding=&#8221;15px|||||&#8221; global_colors_info=&#8221;{}&#8221;]<p>Modern<\/p>[\/et_pb_text][et_pb_text _builder_version=&#8221;4.20.2&#8221; _module_preset=&#8221;default&#8221; text_font=&#8221;Inria Serif|300|||||||&#8221; width=&#8221;80.8%&#8221; custom_padding=&#8221;|53px||||&#8221; global_colors_info=&#8221;{}&#8221;]<p><span>Moderan dizajn, profinjenost obrade, spoj visokokvalitetnih materijala i okova opisuju na\u0161a vrata modernog izgleda i savr\u0161ene funkcionalnosti.<br \/><strong>PONUDA MODELA U GALERIJI<\/strong><br \/><\/span><\/p>\n<p>&nbsp;<\/p>[\/et_pb_text][et_pb_gallery gallery_ids=&#8221;2034,2035,2036,2037,2041,2038,2039,2040,2044,2045,2042,2043,2047,2048,2049,2046&#8221; posts_number=&#8221;2&#8221; _builder_version=&#8221;4.20.2&#8221; _module_preset=&#8221;default&#8221; title_font=&#8221;Inria Serif||||||||&#8221; title_text_align=&#8221;center&#8221; title_font_size=&#8221;15px&#8221; global_colors_info=&#8221;{}&#8221;][\/et_pb_gallery][\/et_pb_column][\/et_pb_row][et_pb_row column_structure=&#8221;1_2,1_2&#8221; _builder_version=&#8221;4.20.2&#8221; _module_preset=&#8221;default&#8221; custom_margin=&#8221;27px|auto|150px|auto||&#8221; custom_padding=&#8221;14px|||||&#8221; global_colors_info=&#8221;{}&#8221;][et_pb_column type=&#8221;1_2&#8221; _builder_version=&#8221;4.20.2&#8221; _module_preset=&#8221;default&#8221; global_colors_info=&#8221;{}&#8221;][et_pb_text _builder_version=&#8221;4.20.2&#8221; _module_preset=&#8221;default&#8221; text_font=&#8221;Inria Serif|700|||||||&#8221; text_font_size=&#8221;16px&#8221; custom_margin=&#8221;50px||14px|||&#8221; global_colors_info=&#8221;{}&#8221;]<p>Standard<\/p>[\/et_pb_text][et_pb_text _builder_version=&#8221;4.20.2&#8221; _module_preset=&#8221;default&#8221; text_font=&#8221;Inria Serif|300|||||||&#8221; width=&#8221;80.8%&#8221; custom_padding=&#8221;|53px||||&#8221; global_colors_info=&#8221;{}&#8221;]<p>Jednostavan izgled, funkcionalnost, \u0161iroka primjena kao i kvalitet bez kompromisa, ukratko opisuju na\u0161a vrata iz &#8220;standard&#8221; ponude.<br \/><span><strong>PONUDA MODELA U GALERIJI<\/strong><\/span><\/p>\n<p>&nbsp;<\/p>\n<p>&nbsp;<\/p>[\/et_pb_text][et_pb_gallery gallery_ids=&#8221;2026,2027,2028,2029,2031,2030,2032,2033&#8221; posts_number=&#8221;2&#8221; _builder_version=&#8221;4.20.2&#8221; _module_preset=&#8221;default&#8221; title_font=&#8221;Inria Serif||||||||&#8221; title_text_align=&#8221;center&#8221; title_font_size=&#8221;15px&#8221; custom_margin=&#8221;-56px|||||&#8221; global_colors_info=&#8221;{}&#8221;][\/et_pb_gallery][\/et_pb_column][et_pb_column type=&#8221;1_2&#8221; _builder_version=&#8221;4.20.2&#8221; _module_preset=&#8221;default&#8221; global_colors_info=&#8221;{}&#8221;][et_pb_image src=&#8221;http:\/\/drvodizajn.com\/wp-content\/uploads\/2023\/06\/naslovna-7.png&#8221; _builder_version=&#8221;4.20.2&#8221; _module_preset=&#8221;default&#8221; custom_padding=&#8221;||0vh||false|false&#8221; animation_style=&#8221;none&#8221; global_colors_info=&#8221;{}&#8221;][\/et_pb_image][\/et_pb_column][\/et_pb_row][et_pb_row column_structure=&#8221;1_2,1_2&#8221; custom_padding_last_edited=&#8221;on|phone&#8221; _builder_version=&#8221;4.20.2&#8221; _module_preset=&#8221;default&#8221; custom_margin=&#8221;77px|auto|137px|auto||&#8221; custom_margin_tablet=&#8221;77px|auto|137px|auto||&#8221; custom_margin_phone=&#8221;0px|auto|0px|auto|false|false&#8221; custom_margin_last_edited=&#8221;on|phone&#8221; custom_padding=&#8221;2px|||||&#8221; custom_padding_tablet=&#8221;2px|||||&#8221; custom_padding_phone=&#8221;0px||||false|false&#8221; global_colors_info=&#8221;{}&#8221;][et_pb_column type=&#8221;1_2&#8221; _builder_version=&#8221;4.20.2&#8221; _module_preset=&#8221;default&#8221; global_colors_info=&#8221;{}&#8221;][et_pb_image src=&#8221;http:\/\/drvodizajn.com\/wp-content\/uploads\/2023\/06\/naslovna-8.png&#8221; _builder_version=&#8221;4.20.2&#8221; _module_preset=&#8221;default&#8221; custom_margin=&#8221;12px|||||&#8221; custom_padding=&#8221;||0vh||false|false&#8221; animation_style=&#8221;none&#8221; global_colors_info=&#8221;{}&#8221;][\/et_pb_image][\/et_pb_column][et_pb_column type=&#8221;1_2&#8221; _builder_version=&#8221;4.20.2&#8221; _module_preset=&#8221;default&#8221; global_colors_info=&#8221;{}&#8221;][et_pb_text _builder_version=&#8221;4.20.2&#8221; _module_preset=&#8221;default&#8221; text_font=&#8221;Inria Serif|700|||||||&#8221; text_font_size=&#8221;16px&#8221; min_height=&#8221;53px&#8221; custom_margin=&#8221;1px||14px|||&#8221; custom_padding=&#8221;0px||0px|||&#8221; global_colors_info=&#8221;{}&#8221;]<p>Okovi<\/p>[\/et_pb_text][et_pb_text _builder_version=&#8221;4.20.2&#8221; _module_preset=&#8221;default&#8221; text_font=&#8221;Inria Serif|300|||||||&#8221; width=&#8221;98.6%&#8221; custom_margin=&#8221;-27px|0px|||false|false&#8221; custom_padding=&#8221;|53px||||&#8221; global_colors_info=&#8221;{}&#8221;]<p><span>Na\u0161i okovi za sobna vrata izra\u0111eni su od visokokvalitetnih materijala kako bi pru\u017eili dugotrajnost i pouzdanost. Nudimo razli\u010dite vrste okova za sobna vrata. Od kliznih okova za unutarnja vrata u ponudi imamo klizne okove sa vodilicama, bez vodilica i skrivenim vodilicama, kao i nevidljivi mehanizam za drvena vrata, okov za preklopna vrata i sl.\u00a0 Koristimo samo najkvalitetnije okove proizvo\u0111a\u010da kao \u0161tu su Solido, Helm, Hawa, Dormahaba, Marchesi .<br \/>Vrata sa spojnicama\/\u0161arkama\/ baglamama mogu se raditi u dvije izvedbe, vrata sa skrivenim spojnicama i magnetnom bravom i standardna vrata tzv, vrata sa falcom i standardnom bravom. Kako bismo Va\u0161u svakodnevnu upotrebu vrata u\u010dinili ugodnom kako za oko tako i za dodir koristimo vrhunski dizajnirane kvake proizvo\u0111a\u010da poput: Olivari B.spa , Marchesi, Hoppe, Fimet i dr.<br \/><\/span><\/p>\n<p>&nbsp;<\/p>[\/et_pb_text][et_pb_gallery gallery_ids=&#8221;2163,2169,2164,2165,2166,2170,2167,2168,2171,2172&#8221; posts_number=&#8221;2&#8221; show_title_and_caption=&#8221;off&#8221; _builder_version=&#8221;4.20.2&#8221; _module_preset=&#8221;default&#8221; title_font=&#8221;Inria Serif||||||||&#8221; title_text_align=&#8221;center&#8221; title_font_size=&#8221;15px&#8221; custom_margin=&#8221;-46px|||||&#8221; global_colors_info=&#8221;{}&#8221;][\/et_pb_gallery][\/et_pb_column][\/et_pb_row][et_pb_row _builder_version=&#8221;4.20.2&#8221; _module_preset=&#8221;default&#8221; custom_margin=&#8221;76px|auto||auto||&#8221; custom_margin_tablet=&#8221;76px|auto||auto||&#8221; custom_margin_phone=&#8221;0px||||false|false&#8221; custom_margin_last_edited=&#8221;on|phone&#8221; global_colors_info=&#8221;{}&#8221;][et_pb_column type=&#8221;4_4&#8221; _builder_version=&#8221;4.20.2&#8221; _module_preset=&#8221;default&#8221; global_colors_info=&#8221;{}&#8221;][et_pb_button button_url=&#8221;@ET-DC@eyJkeW5hbWljIjp0cnVlLCJjb250ZW50IjoicG9zdF9saW5rX3VybF9wYWdlIiwic2V0dGluZ3MiOnsicG9zdF9pZCI6IjU1MyJ9fQ==@&#8221; button_text=&#8221;Po\u0161alji upit&#8221; _builder_version=&#8221;4.20.2&#8221; _dynamic_attributes=&#8221;button_url&#8221; _module_preset=&#8221;fd4cbe8d-44bb-4497-977d-4a9151abc25c&#8221; custom_button=&#8221;on&#8221; button_text_size=&#8221;14px&#8221; button_text_color=&#8221;#000000&#8221; button_bg_color=&#8221;#FFFFFF&#8221; button_border_width=&#8221;1px&#8221; button_border_color=&#8221;#2a8655&#8221; button_border_radius=&#8221;7px&#8221; button_letter_spacing=&#8221;2px&#8221; button_font=&#8221;Rubik|300||on|||||&#8221; custom_padding=&#8221;16px|24px|16px|24px|true|true&#8221; custom_padding_tablet=&#8221;16px|28px|16px|28px|true|true&#8221; custom_padding_phone=&#8221;14px|20px|14px|20px|true|true&#8221; custom_padding_last_edited=&#8221;off|desktop&#8221; button_text_size_tablet=&#8221;15px&#8221; button_text_size_phone=&#8221;14px&#8221; button_text_size_last_edited=&#8221;off|desktop&#8221; locked=&#8221;off&#8221; global_colors_info=&#8221;{}&#8221; button_bg_color__hover=&#8221;#2a8655&#8221; button_bg_color__hover_enabled=&#8221;on|hover&#8221; button_text_color__hover=&#8221;#FFFFFF&#8221; button_text_color__hover_enabled=&#8221;on|hover&#8221; button_text__hover_enabled=&#8221;on|hover&#8221; button_bg_enable_color__hover=&#8221;on&#8221; button_text__hover=&#8221;Po\u0161alji upit&#8221;][\/et_pb_button][\/et_pb_column][\/et_pb_row][\/et_pb_section]","protected":false},"excerpt":{"rendered":"<p>Na\u0161a kolekcija unutra\u0161njih sobnih vrata nudi \u0161irok spektar opcija za svaki ukus i prostor. Bez obzira da li preferirate klasi\u010dan, moderni ili rusti\u010dni stil, na\u0161a vrata su pa\u017eljivo osmi\u0161ljena kako bi se uklopila sa ostalim elementima va\u0161eg enterijera. Svaki komad vrata je izra\u0111en pa\u017eljivo odabranim materijalima visokog kvaliteta, \u0161to garantuje dugotrajnost. Na\u0161i majstori obra\u0107aju posebnu [&hellip;]<\/p>","protected":false},"author":1,"featured_media":0,"parent":0,"menu_order":0,"comment_status":"closed","ping_status":"closed","template":"","meta":{"_et_pb_use_builder":"on","_et_pb_old_content":"","_et_gb_content_width":"","_monsterinsights_skip_tracking":false,"_monsterinsights_sitenote_active":false,"_monsterinsights_sitenote_note":"","_monsterinsights_sitenote_category":0,"footnotes":""},"class_list":["post-1478","page","type-page","status-publish","hentry"],"aioseo_notices":[],"_links":{"self":[{"href":"https:\/\/drvodizajn.com\/en\/wp-json\/wp\/v2\/pages\/1478","targetHints":{"allow":["GET"]}}],"collection":[{"href":"https:\/\/drvodizajn.com\/en\/wp-json\/wp\/v2\/pages"}],"about":[{"href":"https:\/\/drvodizajn.com\/en\/wp-json\/wp\/v2\/types\/page"}],"author":[{"embeddable":true,"href":"https:\/\/drvodizajn.com\/en\/wp-json\/wp\/v2\/users\/1"}],"replies":[{"embeddable":true,"href":"https:\/\/drvodizajn.com\/en\/wp-json\/wp\/v2\/comments?post=1478"}],"version-history":[{"count":1,"href":"https:\/\/drvodizajn.com\/en\/wp-json\/wp\/v2\/pages\/1478\/revisions"}],"predecessor-version":[{"id":2701,"href":"https:\/\/drvodizajn.com\/en\/wp-json\/wp\/v2\/pages\/1478\/revisions\/2701"}],"wp:attachment":[{"href":"https:\/\/drvodizajn.com\/en\/wp-json\/wp\/v2\/media?parent=1478"}],"curies":[{"name":"wp","href":"https:\/\/api.w.org\/{rel}","templated":true}]}}